{"id":758,"date":"2017-09-21T08:35:57","date_gmt":"2017-09-21T06:35:57","guid":{"rendered":"http:\/\/cescugat.com\/?page_id=758"},"modified":"2017-09-30T14:06:56","modified_gmt":"2017-09-30T12:06:56","slug":"acceso-a-ciclos-formativos","status":"publish","type":"page","link":"http:\/\/cescugat.com\/es\/acceso-a-ciclos-formativos\/","title":{"rendered":"Acceso a Ciclos formativos"},"content":{"rendered":"<p>[et_pb_section bb_built=\u00bb1&#8243; admin_label=\u00bbsection\u00bb][et_pb_row background_position=\u00bbtop_left\u00bb background_repeat=\u00bbrepeat\u00bb background_size=\u00bbinitial\u00bb][et_pb_column type=\u00bb4_4&#8243;][et_pb_text background_layout=\u00bblight\u00bb text_orientation=\u00bbcenter\u00bb use_border_color=\u00bboff\u00bb border_color=\u00bb#ffffff\u00bb border_style=\u00bbsolid\u00bb background_position=\u00bbtop_left\u00bb background_repeat=\u00bbrepeat\u00bb background_size=\u00bbinitial\u00bb _builder_version=\u00bb3.0.62&#8243; module_alignment=\u00bbcenter\u00bb]<\/p>\n<h1><strong>Acceso a Ciclos formativos<\/strong><\/h1>\n<p>&nbsp;<br \/>\n[\/et_pb_text][et_pb_text background_layout=\u00bblight\u00bb text_orientation=\u00bbleft\u00bb border_style=\u00bbsolid\u00bb background_position=\u00bbtop_left\u00bb background_repeat=\u00bbrepeat\u00bb background_size=\u00bbinitial\u00bb _builder_version=\u00bb3.0.62&#8243; text_font_size=\u00bb18&#8243; module_alignment=\u00bbleft\u00bb]<\/p>\n<p><strong>Realizamos la preparaci\u00f3n para las pruebas de acceso a Ciclos Formativos de Grado Medio y Superior, tanto de las materias comunes como las espec\u00edficas, en grupos reducidos.<\/strong><\/p>\n<h3><strong>Si quieres acceder a Ciclos Formativos de Grado Superior<\/strong><\/h3>\n<p>La prueba consta de:<\/p>\n<ul>\n<li>Una parte general, donde el alumno\/a debe examinarse de las materias de lengua castellana, lengua catalana, lengua estrangera y matem\u00e1ticas.<\/li>\n<li>Una parte espec\u00edfica, donde el alumno\/a debe examinarse de dos materias, en funci\u00f3n del ciclo al que desea acceder.<\/li>\n<\/ul>\n<p>Para poder realizar la prueba de acceso se debe tener 19 a\u00f1os o cumplirlos durante el a\u00f1o en que es realiza la prueba. Tambi\u00e9n la pueden hacer las personas que tienen 18 a\u00f1os (o los cumplen durante el a\u00f1o en que se realiza la prueba) y tienen un t\u00edtulo (o el resguardo de un t\u00edtulo) de t\u00e9cnico de la misma opci\u00f3n de materias, a la cual pertenece el ciclo formativo de grado superior al que se ha inscrito.<\/p>\n<p><strong>Puedes inscribirte al curso completo o realizar solamente las asignaturas que te interesen, seg\u00fan sean tus necesidades.<\/strong><\/p>\n<p><strong>El curso inicia en el mes de octubre y finaliza antes de la fecha del examen (variar\u00e1 en funci\u00f3n de la convocatoria de cada a\u00f1o).<\/strong><\/p>\n<h3>Si quieres acceder a Ciclos Formativos de Grado Medio<\/h3>\n<p>La prueba consta de tres partes:<\/p>\n<ol>\n<li>Parte comunicativa y social: comprende las materias de competencia en lengua castellana, competencia en lengua catalana, competencia en lengua estrangera ( ingl\u00e9s o franc\u00e9s ) y competencia social y ciudadana.<\/li>\n<li>Parte cient\u00edfica y tecnol\u00f3gica: comprende las materias de competencia de interacci\u00f3n con el mundo f\u00edsico y de competencia en tecnolog\u00eda.<\/li>\n<li>Parte matem\u00e1tica: comprende la materia de competencia matem\u00e1tica.<\/li>\n<\/ol>\n<p>Para poder realizar la prueba de acceso es necesario tener 17 a\u00f1os o m\u00e1s (o cumplirlos el a\u00f1o en que se realiza la prueba ) y no disponer del t\u00edtulo de graduado en Educaci\u00f3n Secundaria Obligatoria.<\/p>\n<p><strong>Puedes inscribirte al curso completo o realizar solamente las asignaturas que te interesen, seg\u00fan sean tus necesidades.<\/strong><\/p>\n<p><strong>El curso se inicia en el mes de octubre y finaliza antes de la fecha del examen (variar\u00e1 en funci\u00f3n de la convocatoria de cada a\u00f1o).<\/strong><\/p>\n<p>[\/et_pb_text][\/et_pb_column][\/et_pb_row][\/et_pb_section]<\/p>\n","protected":false},"excerpt":{"rendered":"<p>Acceso a Ciclos formativos &nbsp; Realizamos la preparaci\u00f3n para las pruebas de acceso a Ciclos Formativos de Grado Medio y Superior, tanto de las materias comunes como las espec\u00edficas, en grupos reducidos. Si quieres acceder a Ciclos Formativos de Grado Superior La prueba consta de: Una parte general, donde el alumno\/a debe examinarse de las [&hellip;]<\/p>\n","protected":false},"author":3,"featured_media":0,"parent":0,"menu_order":0,"comment_status":"closed","ping_status":"closed","template":"","meta":{"_et_pb_use_builder":"on","_et_pb_old_content":"<p>[et_pb_section bb_built=\"1\" admin_label=\"section\"][et_pb_row background_position=\"top_left\" background_repeat=\"repeat\" background_size=\"initial\"][et_pb_column type=\"4_4\"][et_pb_text background_layout=\"light\" text_orientation=\"center\" use_border_color=\"off\" border_color=\"#ffffff\" border_style=\"solid\" background_position=\"top_left\" background_repeat=\"repeat\" background_size=\"initial\" _builder_version=\"3.0.62\"]<\/p><h1><strong>Acc\u00e9s a Cicles Formatius<\/strong><\/h1><p>[\/et_pb_text][et_pb_text background_layout=\"light\" text_orientation=\"left\" border_style=\"solid\" background_position=\"top_left\" background_repeat=\"repeat\" background_size=\"initial\" _builder_version=\"3.0.62\" text_font_size=\"18\"]<\/p><p><strong>Realitzem la preparaci\u00f3 per a les proves d\u00b4acc\u00e9s a Cicles Formatius de Grau Mitj\u00e0 i Superior, tant de les mat\u00e8ries comunes com les espec\u00edfiques, en grups redu\u00efts.<\/strong><\/p><h3><span style=\"color: #910045;\"><strong>Si vols accedir a Cicles Formatius de Grau Superior<\/strong><\/span><\/h3><p>La prova consta de:<\/p><ul><li>Una part general, on l'alumne\/a s'ha d'examinar de les mat\u00e8ries de llengua catalana, llengua castellana, llengua estrangera i matem\u00e0tiques.<\/li><li>Una part espec\u00edfica, on l'alumne\/a s'ha d'examinar de dues mat\u00e8ries, en funci\u00f3 del cicle al que vol accedir.<\/li><\/ul><p>Per poder fer la prova d'acc\u00e9s cal tenir 19 anys o complir-los durant l'any en que es realitza la prova. Tamb\u00e9 la poden fer les persones que tenen 18 anys (o els compleixen durant l'any que es realitza la prova) i tenen un t\u00edtol (o el resguard d'un t\u00edtol) de t\u00e8cnic de la mateixa opci\u00f3 de mat\u00e8ries a la qual pertany el cicle formatiu de grau superior en qu\u00e8 s'han inscrit.<\/p><p><strong> Pots inscriure\u00b4t al curs sencer o fer nom\u00e9s les assignatures que t\u00b4interessin, segons quines siguin les teves necessitats.<\/strong><\/p><p><strong> El curs s'inicia al mes d\u00b4octubre i finalitza abans de la data de l'examen (variar\u00e0 en funci\u00f3 de la convocat\u00f2ria de cada any).<\/strong><\/p><h3><span style=\"color: #910045;\"><strong>Si vols accedir a Cicles Formatius de Grau Mitj\u00e0<\/strong><\/span><\/h3><p>La prova consta de tres parts:<\/p><ol><li>Part comunicativa i social: compr\u00e8n les mat\u00e8ries de compet\u00e8ncia en llengua catalana, compet\u00e8ncia en llengua castellana, compet\u00e8ncia en llengua estrangera (angl\u00e8s o franc\u00e8s) i compet\u00e8ncia social i ciutadana.<\/li><li>Part cient\u00edfica i tecnol\u00f2gica: compr\u00e8n les mat\u00e8ries de compet\u00e8ncia d'interacci\u00f3 amb el m\u00f3n f\u00edsic i de compet\u00e8ncia en tecnologia.<\/li><li>Part matem\u00e0tica: compr\u00e8n la mat\u00e8ria de compet\u00e8ncia matem\u00e0tica.<\/li><\/ol><p>Per poder fer la prova d'acc\u00e9s cal tenir 17 anys o m\u00e9s (o complir-los l'any en que es realitza la prova ) i no disposar del t\u00edtol de graduat en Educaci\u00f3 Secund\u00e0ria Obligat\u00f2ria.<\/p><p><strong>Pots<\/strong>\u00a0<strong>inscriure\u00b4t al curs sencer o fer nom\u00e9s les assignatures que t\u00b4interessin, segons quines siguin les teves necessitats.<\/strong><\/p><p><strong>El curs s'inicia al mes d\u00b4octubre i finalitza abans de la data de l'examen (variar\u00e0 en funci\u00f3 de la convocat\u00f2ria de cada any).<\/strong><\/p><p>[\/et_pb_text][\/et_pb_column][\/et_pb_row][\/et_pb_section]<\/p>","_et_gb_content_width":"","footnotes":""},"class_list":["post-758","page","type-page","status-publish","hentry"],"yoast_head":"<!-- This site is optimized with the Yoast SEO plugin v24.1 - https:\/\/yoast.com\/wordpress\/plugins\/seo\/ -->\n<title>Acceso a Ciclos formativos - Centre D\u00b4estudis Sant Cugat - Acad\u00e8mia de Ci\u00e8ncies<\/title>\n<meta name=\"robots\" content=\"index, follow, max-snippet:-1, max-image-preview:large, max-video-preview:-1\" \/>\n<link rel=\"canonical\" href=\"http:\/\/cescugat.com\/es\/acceso-a-ciclos-formativos\/\" \/>\n<meta property=\"og:locale\" content=\"es_ES\" \/>\n<meta property=\"og:type\" content=\"article\" \/>\n<meta property=\"og:title\" content=\"Acceso a Ciclos formativos - Centre D\u00b4estudis Sant Cugat - Acad\u00e8mia de Ci\u00e8ncies\" \/>\n<meta property=\"og:description\" content=\"Acceso a Ciclos formativos &nbsp; Realizamos la preparaci\u00f3n para las pruebas de acceso a Ciclos Formativos de Grado Medio y Superior, tanto de las materias comunes como las espec\u00edficas, en grupos reducidos. Si quieres acceder a Ciclos Formativos de Grado Superior La prueba consta de: Una parte general, donde el alumno\/a debe examinarse de las [&hellip;]\" \/>\n<meta property=\"og:url\" content=\"http:\/\/cescugat.com\/es\/acceso-a-ciclos-formativos\/\" \/>\n<meta property=\"og:site_name\" content=\"Centre D\u00b4estudis Sant Cugat - Acad\u00e8mia de Ci\u00e8ncies\" \/>\n<meta property=\"article:modified_time\" content=\"2017-09-30T12:06:56+00:00\" \/>\n<meta name=\"twitter:card\" content=\"summary_large_image\" \/>\n<meta name=\"twitter:label1\" content=\"Tiempo de lectura\" \/>\n\t<meta name=\"twitter:data1\" content=\"2 minutos\" \/>\n<script type=\"application\/ld+json\" class=\"yoast-schema-graph\">{\"@context\":\"https:\/\/schema.org\",\"@graph\":[{\"@type\":\"WebPage\",\"@id\":\"http:\/\/cescugat.com\/es\/acceso-a-ciclos-formativos\/\",\"url\":\"http:\/\/cescugat.com\/es\/acceso-a-ciclos-formativos\/\",\"name\":\"Acceso a Ciclos formativos - Centre D\u00b4estudis Sant Cugat - Acad\u00e8mia de Ci\u00e8ncies\",\"isPartOf\":{\"@id\":\"http:\/\/cescugat.com\/#website\"},\"datePublished\":\"2017-09-21T06:35:57+00:00\",\"dateModified\":\"2017-09-30T12:06:56+00:00\",\"breadcrumb\":{\"@id\":\"http:\/\/cescugat.com\/es\/acceso-a-ciclos-formativos\/#breadcrumb\"},\"inLanguage\":\"es\",\"potentialAction\":[{\"@type\":\"ReadAction\",\"target\":[\"http:\/\/cescugat.com\/es\/acceso-a-ciclos-formativos\/\"]}]},{\"@type\":\"BreadcrumbList\",\"@id\":\"http:\/\/cescugat.com\/es\/acceso-a-ciclos-formativos\/#breadcrumb\",\"itemListElement\":[{\"@type\":\"ListItem\",\"position\":1,\"name\":\"Inici\",\"item\":\"http:\/\/cescugat.com\/es\/\"},{\"@type\":\"ListItem\",\"position\":2,\"name\":\"Acceso a Ciclos formativos\"}]},{\"@type\":\"WebSite\",\"@id\":\"http:\/\/cescugat.com\/#website\",\"url\":\"http:\/\/cescugat.com\/\",\"name\":\"Centre D\u00b4estudis Sant Cugat - Acad\u00e8mia de Ci\u00e8ncies\",\"description\":\"\",\"potentialAction\":[{\"@type\":\"SearchAction\",\"target\":{\"@type\":\"EntryPoint\",\"urlTemplate\":\"http:\/\/cescugat.com\/?s={search_term_string}\"},\"query-input\":{\"@type\":\"PropertyValueSpecification\",\"valueRequired\":true,\"valueName\":\"search_term_string\"}}],\"inLanguage\":\"es\"}]}<\/script>\n<!-- \/ Yoast SEO plugin. -->","yoast_head_json":{"title":"Acceso a Ciclos formativos - Centre D\u00b4estudis Sant Cugat - Acad\u00e8mia de Ci\u00e8ncies","robots":{"index":"index","follow":"follow","max-snippet":"max-snippet:-1","max-image-preview":"max-image-preview:large","max-video-preview":"max-video-preview:-1"},"canonical":"http:\/\/cescugat.com\/es\/acceso-a-ciclos-formativos\/","og_locale":"es_ES","og_type":"article","og_title":"Acceso a Ciclos formativos - Centre D\u00b4estudis Sant Cugat - Acad\u00e8mia de Ci\u00e8ncies","og_description":"Acceso a Ciclos formativos &nbsp; Realizamos la preparaci\u00f3n para las pruebas de acceso a Ciclos Formativos de Grado Medio y Superior, tanto de las materias comunes como las espec\u00edficas, en grupos reducidos. Si quieres acceder a Ciclos Formativos de Grado Superior La prueba consta de: Una parte general, donde el alumno\/a debe examinarse de las [&hellip;]","og_url":"http:\/\/cescugat.com\/es\/acceso-a-ciclos-formativos\/","og_site_name":"Centre D\u00b4estudis Sant Cugat - Acad\u00e8mia de Ci\u00e8ncies","article_modified_time":"2017-09-30T12:06:56+00:00","twitter_card":"summary_large_image","twitter_misc":{"Tiempo de lectura":"2 minutos"},"schema":{"@context":"https:\/\/schema.org","@graph":[{"@type":"WebPage","@id":"http:\/\/cescugat.com\/es\/acceso-a-ciclos-formativos\/","url":"http:\/\/cescugat.com\/es\/acceso-a-ciclos-formativos\/","name":"Acceso a Ciclos formativos - Centre D\u00b4estudis Sant Cugat - Acad\u00e8mia de Ci\u00e8ncies","isPartOf":{"@id":"http:\/\/cescugat.com\/#website"},"datePublished":"2017-09-21T06:35:57+00:00","dateModified":"2017-09-30T12:06:56+00:00","breadcrumb":{"@id":"http:\/\/cescugat.com\/es\/acceso-a-ciclos-formativos\/#breadcrumb"},"inLanguage":"es","potentialAction":[{"@type":"ReadAction","target":["http:\/\/cescugat.com\/es\/acceso-a-ciclos-formativos\/"]}]},{"@type":"BreadcrumbList","@id":"http:\/\/cescugat.com\/es\/acceso-a-ciclos-formativos\/#breadcrumb","itemListElement":[{"@type":"ListItem","position":1,"name":"Inici","item":"http:\/\/cescugat.com\/es\/"},{"@type":"ListItem","position":2,"name":"Acceso a Ciclos formativos"}]},{"@type":"WebSite","@id":"http:\/\/cescugat.com\/#website","url":"http:\/\/cescugat.com\/","name":"Centre D\u00b4estudis Sant Cugat - Acad\u00e8mia de Ci\u00e8ncies","description":"","potentialAction":[{"@type":"SearchAction","target":{"@type":"EntryPoint","urlTemplate":"http:\/\/cescugat.com\/?s={search_term_string}"},"query-input":{"@type":"PropertyValueSpecification","valueRequired":true,"valueName":"search_term_string"}}],"inLanguage":"es"}]}},"_links":{"self":[{"href":"http:\/\/cescugat.com\/es\/wp-json\/wp\/v2\/pages\/758","targetHints":{"allow":["GET"]}}],"collection":[{"href":"http:\/\/cescugat.com\/es\/wp-json\/wp\/v2\/pages"}],"about":[{"href":"http:\/\/cescugat.com\/es\/wp-json\/wp\/v2\/types\/page"}],"author":[{"embeddable":true,"href":"http:\/\/cescugat.com\/es\/wp-json\/wp\/v2\/users\/3"}],"replies":[{"embeddable":true,"href":"http:\/\/cescugat.com\/es\/wp-json\/wp\/v2\/comments?post=758"}],"version-history":[{"count":5,"href":"http:\/\/cescugat.com\/es\/wp-json\/wp\/v2\/pages\/758\/revisions"}],"predecessor-version":[{"id":1042,"href":"http:\/\/cescugat.com\/es\/wp-json\/wp\/v2\/pages\/758\/revisions\/1042"}],"wp:attachment":[{"href":"http:\/\/cescugat.com\/es\/wp-json\/wp\/v2\/media?parent=758"}],"curies":[{"name":"wp","href":"https:\/\/api.w.org\/{rel}","templated":true}]}}